{"id":1457,"date":"2024-02-12T09:16:15","date_gmt":"2024-02-12T08:16:15","guid":{"rendered":"https:\/\/openartworld.org\/?page_id=1457"},"modified":"2024-02-12T09:53:23","modified_gmt":"2024-02-12T08:53:23","slug":"oaw-festival-2023","status":"publish","type":"page","link":"https:\/\/openartworld.org\/es\/oaw-festival-2023\/","title":{"rendered":"\u2022\u00a0OAW FESTIVAL 2023 \u2022"},"content":{"rendered":"<div   class=\"vc_row wpb_row vc_row-fluid\"  style=\"\"  data-token=\"YT90S\"><div class=\"wpb_column vc_column_container vc_col-sm-12\"><div class=\"vc_column-inner\"><div class=\"wpb_wrapper\">\n\t<div class=\"wpb_text_column wpb_content_element\" >\n\t\t<div class=\"wpb_wrapper\">\n\t\t\t<h2 class=\"wp-block-heading\">\u2022\u00a0OAW FESTIVAL 2O23 \u2022<\/h2>\n<p class=\"has-medium-font-size translation-block\">Memorias del festival Open Art World \u2013 Septiembre 2023 \u2013 Vilafant \u2013 Espa\u00f1a. Encuentra todos los archivos en <a href=\"https:\/\/www.youtube.com\/@openartworldwebtv\" target=\"_blank\" rel=\"noopener\">nuestro canal Youtube.<\/a><\/p>\n\t\t\t<div \n\t\t\tclass=\"yotu-playlist yotuwp yotu-limit-min yotu-player-full  yotu-thumb-169  yotu-template-grid\" \n\t\t\tdata-page=\"1\"\n\t\t\tid=\"yotuwp-69ee75095f4d5\"\n\t\t\tdata-yotu=\"69ee75099ec41\"\n\t\t\tdata-total=\"2\"\n\t\t\tdata-settings=\"eyJ0eXBlIjoicGxheWxpc3QiLCJpZCI6IlBMZjk5WFVHaGNYY1ZITy1OeC0wVjgybzdmM0p5ckE1SXUiLCJwYWdpbmF0aW9uIjoib2ZmIiwicGFnaXR5cGUiOiJsb2FkbW9yZSIsImNvbHVtbiI6IjQiLCJwZXJfcGFnZSI6IjE2IiwidGVtcGxhdGUiOiJncmlkIiwidGl0bGUiOiJvbiIsImRlc2NyaXB0aW9uIjoib24iLCJ0aHVtYnJhdGlvIjoiMTY5IiwibWV0YSI6Im9mZiIsIm1ldGFfZGF0YSI6Im9mZiIsIm1ldGFfcG9zaXRpb24iOiJvZmYiLCJkYXRlX2Zvcm1hdCI6Im9mZiIsIm1ldGFfYWxpZ24iOiJvZmYiLCJzdWJzY3JpYmUiOiJvZmYiLCJkdXJhdGlvbiI6Im9mZiIsIm1ldGFfaWNvbiI6Im9mZiIsIm5leHR0ZXh0IjoiIiwicHJldnRleHQiOiIiLCJsb2FkbW9yZXRleHQiOiIiLCJwbGF5ZXIiOnsibW9kZSI6ImxhcmdlIiwid2lkdGgiOiIwIiwic2Nyb2xsaW5nIjoiMCIsImF1dG9wbGF5IjowLCJjb250cm9scyI6MSwibW9kZXN0YnJhbmRpbmciOjAsImxvb3AiOjAsImF1dG9uZXh0IjowLCJzaG93aW5mbyI6MSwicmVsIjoxLCJwbGF5aW5nIjowLCJwbGF5aW5nX2Rlc2NyaXB0aW9uIjowLCJ0aHVtYm5haWxzIjowLCJjY19sb2FkX3BvbGljeSI6IjEiLCJjY19sYW5nX3ByZWYiOiIxIiwiaGwiOiIiLCJpdl9sb2FkX3BvbGljeSI6IjEiLCJhbXA7cmVsIjowfSwibGFzdF90YWIiOiJzZXR0aW5ncyIsInVzZV9hc19tb2RhbCI6Im9mZiIsIm1vZGFsX2lkIjoib2ZmIiwibGFzdF91cGRhdGUiOiIxNTg2NjM3OTk1Iiwic3R5bGluZyI6eyJwYWdlcl9sYXlvdXQiOiJkZWZhdWx0IiwiYnV0dG9uIjoiMSIsImJ1dHRvbl9jb2xvciI6IiIsImJ1dHRvbl9iZ19jb2xvciI6IiIsImJ1dHRvbl9jb2xvcl9ob3ZlciI6IiIsImJ1dHRvbl9iZ19jb2xvcl9ob3ZlciI6IiIsInZpZGVvX3N0eWxlIjoiIiwicGxheWljb25fY29sb3IiOiIiLCJob3Zlcl9pY29uIjoiIiwiZ2FsbGVyeV9iZyI6IiJ9LCJlZmZlY3RzIjp7InZpZGVvX2JveCI6IiIsImZsaXBfZWZmZWN0IjoiIn0sImdhbGxlcnlfaWQiOiI2OWVlNzUwOTVmNGQ1IiwibmV4dCI6IkVBQWFIbEJVT2tOQ1FXbEZSVTE1VWxSbk1VNXFWa0pSVlZwQ1RtcEJkMDFVWXciLCJwcmV2IjoiIn0=\"\n\t\t\tdata-player=\"large\"\n\t\t\tdata-showdesc=\"on\" >\n\t\t\t\t<div>\n\t\t\t\t\t\t\t\t\t\t<div class=\"yotu-wrapper-player\" style=\"\">\n\t\t\t\t\t\t\t\t\t\t\t\t<div class=\"yotu-player\">\n\t\t\t\t\t\t\t<div class=\"yotu-video-placeholder\" id=\"yotu-player-69ee75099ec41\"><\/div>\n\t\t\t\t\t\t<\/div>\n\t\t\t\t\t\t<div class=\"yotu-playing-status\"><\/div>\n\t\t\t\t\t\t\t\t\t\t\t<\/div>\n\n\t\t\t\t\t<div class=\"yotu-videos yotu-mode-grid yotu-column-4 yotu-player-mode-large\">\n\t<ul>\n\t\t\t\t\t<li class=\"yotu-first\">\n\t\t\t\t\t\t\t\t<a href=\"#jU6Ayir56C0\" class=\"yotu-video\" data-videoid=\"jU6Ayir56C0\" data-title=\"Handicam Music - Annie Harp and guests\" title=\"Handicam Music - Annie Harp and guests\">\n\t\t\t\t\t<div class=\"yotu-video-thumb-wrp\">\n\t\t\t\t\t\t<div>\n\t\t\t\t\t\t\t\t\t\t\t\t\t\t<img class=\"yotu-video-thumb\" src=\"https:\/\/i.ytimg.com\/vi\/jU6Ayir56C0\/sddefault.jpg\" alt=\"Handicam Music - Annie Harp and guests\">\t\n\t\t\t\t\t\t\t\t\t\t\t\t\t<\/div>\n\t\t\t\t\t<\/div>\n\t\t\t\t\t\t\t\t\t\t\t<h3 class=\"yotu-video-title\">Handicam Music - Annie Harp and guests<\/h3>\n\t\t\t\t\t\t\t\t\t\t\t\t\t\t\t\t\t\t\t\t\t<div class=\"yotu-video-description\"><\/div>\n\t\t\t\t\t\t\t\t\t<\/a>\n\t\t\t\t\t\t\t<\/li>\n\t\t\t\t\n\t\t\t\t\t\t<li class=\"\">\n\t\t\t\t\t\t\t\t<a href=\"#DO4rMwf4dIE\" class=\"yotu-video\" data-videoid=\"DO4rMwf4dIE\" data-title=\"Fanou y sus planetas \ud83e\ude90\" title=\"Fanou y sus planetas \ud83e\ude90\">\n\t\t\t\t\t<div class=\"yotu-video-thumb-wrp\">\n\t\t\t\t\t\t<div>\n\t\t\t\t\t\t\t\t\t\t\t\t\t\t<img class=\"yotu-video-thumb\" src=\"https:\/\/i.ytimg.com\/vi\/DO4rMwf4dIE\/sddefault.jpg\" alt=\"Fanou y sus planetas \ud83e\ude90\">\t\n\t\t\t\t\t\t\t\t\t\t\t\t\t<\/div>\n\t\t\t\t\t<\/div>\n\t\t\t\t\t\t\t\t\t\t\t<h3 class=\"yotu-video-title\">Fanou y sus planetas \ud83e\ude90<\/h3>\n\t\t\t\t\t\t\t\t\t\t\t\t\t\t\t\t\t\t\t\t\t<div class=\"yotu-video-description\"><\/div>\n\t\t\t\t\t\t\t\t\t<\/a>\n\t\t\t\t\t\t\t<\/li>\n\t\t\t\t\n\t\t\t\t\t\t<li class=\"\">\n\t\t\t\t\t\t\t\t<a href=\"#KTrPcxqkllI\" class=\"yotu-video\" data-videoid=\"KTrPcxqkllI\" data-title=\"Compa\u00f1ia Gira - Catalunya - Espa\u00f1a -\" title=\"Compa\u00f1ia Gira - Catalunya - Espa\u00f1a -\">\n\t\t\t\t\t<div class=\"yotu-video-thumb-wrp\">\n\t\t\t\t\t\t<div>\n\t\t\t\t\t\t\t\t\t\t\t\t\t\t<img class=\"yotu-video-thumb\" src=\"https:\/\/i.ytimg.com\/vi\/KTrPcxqkllI\/sddefault.jpg\" alt=\"Compa\u00f1ia Gira - Catalunya - Espa\u00f1a -\">\t\n\t\t\t\t\t\t\t\t\t\t\t\t\t<\/div>\n\t\t\t\t\t<\/div>\n\t\t\t\t\t\t\t\t\t\t\t<h3 class=\"yotu-video-title\">Compa\u00f1ia Gira - Catalunya - Espa\u00f1a -<\/h3>\n\t\t\t\t\t\t\t\t\t\t\t\t\t\t\t\t\t\t\t\t\t<div class=\"yotu-video-description\"><\/div>\n\t\t\t\t\t\t\t\t\t<\/a>\n\t\t\t\t\t\t\t<\/li>\n\t\t\t\t\n\t\t\t\t\t\t<li class=\"\">\n\t\t\t\t\t\t\t\t<a href=\"#AkuWNE5DBTQ\" class=\"yotu-video\" data-videoid=\"AkuWNE5DBTQ\" data-title=\"Laure Donnat (voix) - Lilian Bencini (contrebasse) &amp; guests\" title=\"Laure Donnat (voix) - Lilian Bencini (contrebasse) &amp; guests\">\n\t\t\t\t\t<div class=\"yotu-video-thumb-wrp\">\n\t\t\t\t\t\t<div>\n\t\t\t\t\t\t\t\t\t\t\t\t\t\t<img class=\"yotu-video-thumb\" src=\"https:\/\/i.ytimg.com\/vi\/AkuWNE5DBTQ\/sddefault.jpg\" alt=\"Laure Donnat (voix) - Lilian Bencini (contrebasse) &amp; guests\">\t\n\t\t\t\t\t\t\t\t\t\t\t\t\t<\/div>\n\t\t\t\t\t<\/div>\n\t\t\t\t\t\t\t\t\t\t\t<h3 class=\"yotu-video-title\">Laure Donnat (voix) - Lilian Bencini (contrebasse) &amp; guests<\/h3>\n\t\t\t\t\t\t\t\t\t\t\t\t\t\t\t\t\t\t\t\t\t<div class=\"yotu-video-description\"><\/div>\n\t\t\t\t\t\t\t\t\t<\/a>\n\t\t\t\t\t\t\t<\/li>\n\t\t\t\t\n\t\t\t\t\t\t<li class=\"\">\n\t\t\t\t\t\t\t\t<a href=\"#WLhJqG5mQSQ\" class=\"yotu-video\" data-videoid=\"WLhJqG5mQSQ\" data-title=\"Louna - Danza del Fuego\" title=\"Louna - Danza del Fuego\">\n\t\t\t\t\t<div class=\"yotu-video-thumb-wrp\">\n\t\t\t\t\t\t<div>\n\t\t\t\t\t\t\t\t\t\t\t\t\t\t<img class=\"yotu-video-thumb\" src=\"https:\/\/i.ytimg.com\/vi\/WLhJqG5mQSQ\/sddefault.jpg\" alt=\"Louna - Danza del Fuego\">\t\n\t\t\t\t\t\t\t\t\t\t\t\t\t<\/div>\n\t\t\t\t\t<\/div>\n\t\t\t\t\t\t\t\t\t\t\t<h3 class=\"yotu-video-title\">Louna - Danza del Fuego<\/h3>\n\t\t\t\t\t\t\t\t\t\t\t\t\t\t\t\t\t\t\t\t\t<div class=\"yotu-video-description\"><\/div>\n\t\t\t\t\t\t\t\t\t<\/a>\n\t\t\t\t\t\t\t<\/li>\n\t\t\t\t\n\t\t\t\t\t\t<li class=\"\">\n\t\t\t\t\t\t\t\t<a href=\"#sfiNdgAg2wc\" class=\"yotu-video\" data-videoid=\"sfiNdgAg2wc\" data-title=\"Kris Alvar - Performance interactiva\" title=\"Kris Alvar - Performance interactiva\">\n\t\t\t\t\t<div class=\"yotu-video-thumb-wrp\">\n\t\t\t\t\t\t<div>\n\t\t\t\t\t\t\t\t\t\t\t\t\t\t<img class=\"yotu-video-thumb\" src=\"https:\/\/i.ytimg.com\/vi\/sfiNdgAg2wc\/sddefault.jpg\" alt=\"Kris Alvar - Performance interactiva\">\t\n\t\t\t\t\t\t\t\t\t\t\t\t\t<\/div>\n\t\t\t\t\t<\/div>\n\t\t\t\t\t\t\t\t\t\t\t<h3 class=\"yotu-video-title\">Kris Alvar - Performance interactiva<\/h3>\n\t\t\t\t\t\t\t\t\t\t\t\t\t\t\t\t\t\t\t\t\t<div class=\"yotu-video-description\"><\/div>\n\t\t\t\t\t\t\t\t\t<\/a>\n\t\t\t\t\t\t\t<\/li>\n\t\t\t\t\n\t\t\t\t\t\t<li class=\"\">\n\t\t\t\t\t\t\t\t<a href=\"#JYpzkCPY-gY\" class=\"yotu-video\" data-videoid=\"JYpzkCPY-gY\" data-title=\"Laure Donnat - Live Open Art World - Vilafant (Espagne)\" title=\"Laure Donnat - Live Open Art World - Vilafant (Espagne)\">\n\t\t\t\t\t<div class=\"yotu-video-thumb-wrp\">\n\t\t\t\t\t\t<div>\n\t\t\t\t\t\t\t\t\t\t\t\t\t\t<img class=\"yotu-video-thumb\" src=\"https:\/\/i.ytimg.com\/vi\/JYpzkCPY-gY\/sddefault.jpg\" alt=\"Laure Donnat - Live Open Art World - Vilafant (Espagne)\">\t\n\t\t\t\t\t\t\t\t\t\t\t\t\t<\/div>\n\t\t\t\t\t<\/div>\n\t\t\t\t\t\t\t\t\t\t\t<h3 class=\"yotu-video-title\">Laure Donnat - Live Open Art World - Vilafant (Espagne)<\/h3>\n\t\t\t\t\t\t\t\t\t\t\t\t\t\t\t\t\t\t\t\t\t<div class=\"yotu-video-description\"><\/div>\n\t\t\t\t\t\t\t\t\t<\/a>\n\t\t\t\t\t\t\t<\/li>\n\t\t\t\t\n\t\t\t\t\t\t<li class=\"\">\n\t\t\t\t\t\t\t\t<a href=\"#fmXXsMzspzs\" class=\"yotu-video\" data-videoid=\"fmXXsMzspzs\" data-title=\"Taller de Danza Afrocaribe\u00f1a - Yaima Santana - Cuba\" title=\"Taller de Danza Afrocaribe\u00f1a - Yaima Santana - Cuba\">\n\t\t\t\t\t<div class=\"yotu-video-thumb-wrp\">\n\t\t\t\t\t\t<div>\n\t\t\t\t\t\t\t\t\t\t\t\t\t\t<img class=\"yotu-video-thumb\" src=\"https:\/\/i.ytimg.com\/vi\/fmXXsMzspzs\/hqdefault.jpg\" alt=\"Taller de Danza Afrocaribe\u00f1a - Yaima Santana - Cuba\">\t\n\t\t\t\t\t\t\t\t\t\t\t\t\t<\/div>\n\t\t\t\t\t<\/div>\n\t\t\t\t\t\t\t\t\t\t\t<h3 class=\"yotu-video-title\">Taller de Danza Afrocaribe\u00f1a - Yaima Santana - Cuba<\/h3>\n\t\t\t\t\t\t\t\t\t\t\t\t\t\t\t\t\t\t\t\t\t<div class=\"yotu-video-description\"><\/div>\n\t\t\t\t\t\t\t\t\t<\/a>\n\t\t\t\t\t\t\t<\/li>\n\t\t\t\t\n\t\t\t\t\t\t<li class=\"\">\n\t\t\t\t\t\t\t\t<a href=\"#mvrzjZP5BdE\" class=\"yotu-video\" data-videoid=\"mvrzjZP5BdE\" data-title=\"Adrian Vega D\\&#039;Mente - Video animado y rap cubano - Cuba\" title=\"Adrian Vega D&#039;Mente - Video animado y rap cubano - Cuba\">\n\t\t\t\t\t<div class=\"yotu-video-thumb-wrp\">\n\t\t\t\t\t\t<div>\n\t\t\t\t\t\t\t\t\t\t\t\t\t\t<img class=\"yotu-video-thumb\" src=\"https:\/\/i.ytimg.com\/vi\/mvrzjZP5BdE\/sddefault.jpg\" alt=\"Adrian Vega D&#039;Mente - Video animado y rap cubano - Cuba\">\t\n\t\t\t\t\t\t\t\t\t\t\t\t\t<\/div>\n\t\t\t\t\t<\/div>\n\t\t\t\t\t\t\t\t\t\t\t<h3 class=\"yotu-video-title\">Adrian Vega D'Mente - Video animado y rap cubano - Cuba<\/h3>\n\t\t\t\t\t\t\t\t\t\t\t\t\t\t\t\t\t\t\t\t\t<div class=\"yotu-video-description\"><\/div>\n\t\t\t\t\t\t\t\t\t<\/a>\n\t\t\t\t\t\t\t<\/li>\n\t\t\t\t\n\t\t\t\t\t\t<li class=\"\">\n\t\t\t\t\t\t\t\t<a href=\"#6vbyS5y8icI\" class=\"yotu-video\" data-videoid=\"6vbyS5y8icI\" data-title=\"Laure Donnat y el Gospel - Francia\" title=\"Laure Donnat y el Gospel - Francia\">\n\t\t\t\t\t<div class=\"yotu-video-thumb-wrp\">\n\t\t\t\t\t\t<div>\n\t\t\t\t\t\t\t\t\t\t\t\t\t\t<img class=\"yotu-video-thumb\" src=\"https:\/\/i.ytimg.com\/vi\/6vbyS5y8icI\/sddefault.jpg\" alt=\"Laure Donnat y el Gospel - Francia\">\t\n\t\t\t\t\t\t\t\t\t\t\t\t\t<\/div>\n\t\t\t\t\t<\/div>\n\t\t\t\t\t\t\t\t\t\t\t<h3 class=\"yotu-video-title\">Laure Donnat y el Gospel - Francia<\/h3>\n\t\t\t\t\t\t\t\t\t\t\t\t\t\t\t\t\t\t\t\t\t<div class=\"yotu-video-description\"><\/div>\n\t\t\t\t\t\t\t\t\t<\/a>\n\t\t\t\t\t\t\t<\/li>\n\t\t\t\t\n\t\t\t\t\t\t<li class=\"\">\n\t\t\t\t\t\t\t\t<a href=\"#qeNnjHNkUGA\" class=\"yotu-video\" data-videoid=\"qeNnjHNkUGA\" data-title=\"Mayra, con M de Musa\" title=\"Mayra, con M de Musa\">\n\t\t\t\t\t<div class=\"yotu-video-thumb-wrp\">\n\t\t\t\t\t\t<div>\n\t\t\t\t\t\t\t\t\t\t\t\t\t\t<img class=\"yotu-video-thumb\" src=\"https:\/\/i.ytimg.com\/vi\/qeNnjHNkUGA\/sddefault.jpg\" alt=\"Mayra, con M de Musa\">\t\n\t\t\t\t\t\t\t\t\t\t\t\t\t<\/div>\n\t\t\t\t\t<\/div>\n\t\t\t\t\t\t\t\t\t\t\t<h3 class=\"yotu-video-title\">Mayra, con M de Musa<\/h3>\n\t\t\t\t\t\t\t\t\t\t\t\t\t\t\t\t\t\t\t\t\t<div class=\"yotu-video-description\"><\/div>\n\t\t\t\t\t\t\t\t\t<\/a>\n\t\t\t\t\t\t\t<\/li>\n\t\t\t\t\n\t\t\t\t\t\t<li class=\"\">\n\t\t\t\t\t\t\t\t<a href=\"#_QZdn5bt9UY\" class=\"yotu-video\" data-videoid=\"_QZdn5bt9UY\" data-title=\"Anna Hivaa, pintora e ilustradora catalana\" title=\"Anna Hivaa, pintora e ilustradora catalana\">\n\t\t\t\t\t<div class=\"yotu-video-thumb-wrp\">\n\t\t\t\t\t\t<div>\n\t\t\t\t\t\t\t\t\t\t\t\t\t\t<img class=\"yotu-video-thumb\" src=\"https:\/\/i.ytimg.com\/vi\/_QZdn5bt9UY\/sddefault.jpg\" alt=\"Anna Hivaa, pintora e ilustradora catalana\">\t\n\t\t\t\t\t\t\t\t\t\t\t\t\t<\/div>\n\t\t\t\t\t<\/div>\n\t\t\t\t\t\t\t\t\t\t\t<h3 class=\"yotu-video-title\">Anna Hivaa, pintora e ilustradora catalana<\/h3>\n\t\t\t\t\t\t\t\t\t\t\t\t\t\t\t\t\t\t\t\t\t<div class=\"yotu-video-description\"><\/div>\n\t\t\t\t\t\t\t\t\t<\/a>\n\t\t\t\t\t\t\t<\/li>\n\t\t\t\t\n\t\t\t\t\t\t<li class=\"\">\n\t\t\t\t\t\t\t\t<a href=\"#RphNo7uzn4k\" class=\"yotu-video\" data-videoid=\"RphNo7uzn4k\" data-title=\"Kris Alvar - Poes\u00eda y Artes Pl\u00e1sticas - Alicante (Espa\u00f1a)\" title=\"Kris Alvar - Poes\u00eda y Artes Pl\u00e1sticas - Alicante (Espa\u00f1a)\">\n\t\t\t\t\t<div class=\"yotu-video-thumb-wrp\">\n\t\t\t\t\t\t<div>\n\t\t\t\t\t\t\t\t\t\t\t\t\t\t<img class=\"yotu-video-thumb\" src=\"https:\/\/i.ytimg.com\/vi\/RphNo7uzn4k\/sddefault.jpg\" alt=\"Kris Alvar - Poes\u00eda y Artes Pl\u00e1sticas - Alicante (Espa\u00f1a)\">\t\n\t\t\t\t\t\t\t\t\t\t\t\t\t<\/div>\n\t\t\t\t\t<\/div>\n\t\t\t\t\t\t\t\t\t\t\t<h3 class=\"yotu-video-title\">Kris Alvar - Poes\u00eda y Artes Pl\u00e1sticas - Alicante (Espa\u00f1a)<\/h3>\n\t\t\t\t\t\t\t\t\t\t\t\t\t\t\t\t\t\t\t\t\t<div class=\"yotu-video-description\"><\/div>\n\t\t\t\t\t\t\t\t\t<\/a>\n\t\t\t\t\t\t\t<\/li>\n\t\t\t\t\n\t\t\t\t\t\t<li class=\"\">\n\t\t\t\t\t\t\t\t<a href=\"#6euOg4vy6F0\" class=\"yotu-video\" data-videoid=\"6euOg4vy6F0\" data-title=\"Juan Carlos Moro - Fot\u00f3grafo - Cuba\" title=\"Juan Carlos Moro - Fot\u00f3grafo - Cuba\">\n\t\t\t\t\t<div class=\"yotu-video-thumb-wrp\">\n\t\t\t\t\t\t<div>\n\t\t\t\t\t\t\t\t\t\t\t\t\t\t<img class=\"yotu-video-thumb\" src=\"https:\/\/i.ytimg.com\/vi\/6euOg4vy6F0\/sddefault.jpg\" alt=\"Juan Carlos Moro - Fot\u00f3grafo - Cuba\">\t\n\t\t\t\t\t\t\t\t\t\t\t\t\t<\/div>\n\t\t\t\t\t<\/div>\n\t\t\t\t\t\t\t\t\t\t\t<h3 class=\"yotu-video-title\">Juan Carlos Moro - Fot\u00f3grafo - Cuba<\/h3>\n\t\t\t\t\t\t\t\t\t\t\t\t\t\t\t\t\t\t\t\t\t<div class=\"yotu-video-description\"><\/div>\n\t\t\t\t\t\t\t\t\t<\/a>\n\t\t\t\t\t\t\t<\/li>\n\t\t\t\t\n\t\t\t\t\t\t<li class=\"\">\n\t\t\t\t\t\t\t\t<a href=\"#MQMcSZWEPOM\" class=\"yotu-video\" data-videoid=\"MQMcSZWEPOM\" data-title=\"Serie \\&quot;Causa o Efecto\\&quot; -  Giskly Leyva - Fot\u00f3grafo - Cuba\" title=\"Serie &quot;Causa o Efecto&quot; -  Giskly Leyva - Fot\u00f3grafo - Cuba\">\n\t\t\t\t\t<div class=\"yotu-video-thumb-wrp\">\n\t\t\t\t\t\t<div>\n\t\t\t\t\t\t\t\t\t\t\t\t\t\t<img class=\"yotu-video-thumb\" src=\"https:\/\/i.ytimg.com\/vi\/MQMcSZWEPOM\/sddefault.jpg\" alt=\"Serie &quot;Causa o Efecto&quot; -  Giskly Leyva - Fot\u00f3grafo - Cuba\">\t\n\t\t\t\t\t\t\t\t\t\t\t\t\t<\/div>\n\t\t\t\t\t<\/div>\n\t\t\t\t\t\t\t\t\t\t\t<h3 class=\"yotu-video-title\">Serie \"Causa o Efecto\" -  Giskly Leyva - Fot\u00f3grafo - Cuba<\/h3>\n\t\t\t\t\t\t\t\t\t\t\t\t\t\t\t\t\t\t\t\t\t<div class=\"yotu-video-description\"><\/div>\n\t\t\t\t\t\t\t\t\t<\/a>\n\t\t\t\t\t\t\t<\/li>\n\t\t\t\t\n\t\t\t\t\t\t<li class=\"yotu-last\">\n\t\t\t\t\t\t\t\t<a href=\"#10FbVTon66M\" class=\"yotu-video\" data-videoid=\"10FbVTon66M\" data-title=\"MamaOm, o cuando los mantras se encuentran con la m\u00fasica mediterr\u00e1nea...\" title=\"MamaOm, o cuando los mantras se encuentran con la m\u00fasica mediterr\u00e1nea...\">\n\t\t\t\t\t<div class=\"yotu-video-thumb-wrp\">\n\t\t\t\t\t\t<div>\n\t\t\t\t\t\t\t\t\t\t\t\t\t\t<img class=\"yotu-video-thumb\" src=\"https:\/\/i.ytimg.com\/vi\/10FbVTon66M\/sddefault.jpg\" alt=\"MamaOm, o cuando los mantras se encuentran con la m\u00fasica mediterr\u00e1nea...\">\t\n\t\t\t\t\t\t\t\t\t\t\t\t\t<\/div>\n\t\t\t\t\t<\/div>\n\t\t\t\t\t\t\t\t\t\t\t<h3 class=\"yotu-video-title\">MamaOm, o cuando los mantras se encuentran con la m\u00fasica mediterr\u00e1nea...<\/h3>\n\t\t\t\t\t\t\t\t\t\t\t\t\t\t\t\t\t\t\t\t\t<div class=\"yotu-video-description\"><\/div>\n\t\t\t\t\t\t\t\t\t<\/a>\n\t\t\t\t\t\t\t<\/li>\n\t\t\t\t\n\t\t\t\t<\/ul>\n<\/div>\t\t\t\t<\/div>\n\t\t\t<\/div>\n\t\t\t\n\n\t\t<\/div>\n\t<\/div>\n<\/div><\/div><\/div><\/div>","protected":false},"excerpt":{"rendered":"\u2022\u00a0OAW FESTIVAL 2O23 \u2022 Souvenirs du festival Open Art World - Septembre 2023 - Vilafant - Espagne en coop\u00e9ration avec la Tartana Can Massanet. Retrouvez...<p class=\"readmore\"><a class=\"more-btn\" href=\"https:\/\/openartworld.org\/es\/oaw-festival-2023\/\">Read More<\/a><\/p>","protected":false},"author":3,"featured_media":0,"parent":0,"menu_order":0,"comment_status":"closed","ping_status":"closed","template":"","meta":[],"_links":{"self":[{"href":"https:\/\/openartworld.org\/es\/wp-json\/wp\/v2\/pages\/1457"}],"collection":[{"href":"https:\/\/openartworld.org\/es\/wp-json\/wp\/v2\/pages"}],"about":[{"href":"https:\/\/openartworld.org\/es\/wp-json\/wp\/v2\/types\/page"}],"author":[{"embeddable":true,"href":"https:\/\/openartworld.org\/es\/wp-json\/wp\/v2\/users\/3"}],"replies":[{"embeddable":true,"href":"https:\/\/openartworld.org\/es\/wp-json\/wp\/v2\/comments?post=1457"}],"version-history":[{"count":2,"href":"https:\/\/openartworld.org\/es\/wp-json\/wp\/v2\/pages\/1457\/revisions"}],"predecessor-version":[{"id":1470,"href":"https:\/\/openartworld.org\/es\/wp-json\/wp\/v2\/pages\/1457\/revisions\/1470"}],"wp:attachment":[{"href":"https:\/\/openartworld.org\/es\/wp-json\/wp\/v2\/media?parent=1457"}],"curies":[{"name":"wp","href":"https:\/\/api.w.org\/{rel}","templated":true}]}}