{"id":551,"date":"2020-04-10T23:47:27","date_gmt":"2020-04-10T21:47:27","guid":{"rendered":"http:\/\/openartworld.org\/?page_id=551"},"modified":"2020-04-22T22:12:12","modified_gmt":"2020-04-22T20:12:12","slug":"les-artistes","status":"publish","type":"page","link":"https:\/\/openartworld.org\/es\/les-artistes\/","title":{"rendered":"LOS ARTISTAS"},"content":{"rendered":"<p style=\"font-size:18px\">Desde 2015, muchos artistas han trabajado, experimentado e intercambiado dentro de Open Art World. Algunos tambi\u00e9n participaron en varios eventos colectivos. Aqu\u00ed hay una lista grande, toda en retratos, multidisciplinarios y sin fronteras.<\/p>\n\n\n\t\t\t<div \n\t\t\tclass=\"yotu-playlist yotuwp yotu-limit-min yotu-player-full  yotu-thumb-169  yotu-template-grid\" \n\t\t\tdata-page=\"1\"\n\t\t\tid=\"yotuwp-69ee6890b9e01\"\n\t\t\tdata-yotu=\"69ee6890e6984\"\n\t\t\tdata-total=\"5\"\n\t\t\tdata-settings=\"eyJ0eXBlIjoicGxheWxpc3QiLCJpZCI6IlBMZjk5WFVHaGNYY1UtZkc2RGZBV0NCcjRvdl8wbnBNSEIiLCJwYWdpbmF0aW9uIjoib24iLCJwYWdpdHlwZSI6ImxvYWRtb3JlIiwiY29sdW1uIjoiMyIsInBlcl9wYWdlIjoiMTIiLCJ0ZW1wbGF0ZSI6ImdyaWQiLCJ0aXRsZSI6Im9uIiwiZGVzY3JpcHRpb24iOiJvbiIsInRodW1icmF0aW8iOiIxNjkiLCJtZXRhIjoib2ZmIiwibWV0YV9kYXRhIjoib2ZmIiwibWV0YV9wb3NpdGlvbiI6Im9mZiIsImRhdGVfZm9ybWF0Ijoib2ZmIiwibWV0YV9hbGlnbiI6Im9mZiIsInN1YnNjcmliZSI6Im9mZiIsImR1cmF0aW9uIjoib2ZmIiwibWV0YV9pY29uIjoib2ZmIiwibmV4dHRleHQiOiIiLCJwcmV2dGV4dCI6IiIsImxvYWRtb3JldGV4dCI6IiIsInBsYXllciI6eyJtb2RlIjoibGFyZ2UiLCJ3aWR0aCI6IjAiLCJzY3JvbGxpbmciOiIwIiwiYXV0b3BsYXkiOjAsImNvbnRyb2xzIjoxLCJtb2Rlc3RicmFuZGluZyI6MSwibG9vcCI6MCwiYXV0b25leHQiOjAsInNob3dpbmZvIjoxLCJyZWwiOjEsInBsYXlpbmciOjAsInBsYXlpbmdfZGVzY3JpcHRpb24iOjAsInRodW1ibmFpbHMiOjAsImNjX2xvYWRfcG9saWN5IjoiMSIsImNjX2xhbmdfcHJlZiI6IjEiLCJobCI6IiIsIml2X2xvYWRfcG9saWN5IjoiMSJ9LCJsYXN0X3RhYiI6InNldHRpbmdzIiwidXNlX2FzX21vZGFsIjoib2ZmIiwibW9kYWxfaWQiOiJvZmYiLCJsYXN0X3VwZGF0ZSI6IjE1ODY2Mzc5OTUiLCJzdHlsaW5nIjp7InBhZ2VyX2xheW91dCI6ImRlZmF1bHQiLCJidXR0b24iOiIxIiwiYnV0dG9uX2NvbG9yIjoiIiwiYnV0dG9uX2JnX2NvbG9yIjoiIiwiYnV0dG9uX2NvbG9yX2hvdmVyIjoiIiwiYnV0dG9uX2JnX2NvbG9yX2hvdmVyIjoiIiwidmlkZW9fc3R5bGUiOiIiLCJwbGF5aWNvbl9jb2xvciI6IiIsImhvdmVyX2ljb24iOiIiLCJnYWxsZXJ5X2JnIjoiIn0sImVmZmVjdHMiOnsidmlkZW9fYm94IjoiIiwiZmxpcF9lZmZlY3QiOiIifSwiZ2FsbGVyeV9pZCI6IjY5ZWU2ODkwYjllMDEiLCJuZXh0IjoiRUFBYUhsQlVPa05CZDJsRlJVWkhUV3ROTkU5VWJFVlJlbEV5VDFSTmVGRnFTUSIsInByZXYiOiIifQ==\"\n\t\t\tdata-player=\"large\"\n\t\t\tdata-showdesc=\"on\" >\n\t\t\t\t<div>\n\t\t\t\t\t\t\t\t\t\t<div class=\"yotu-wrapper-player\" style=\"\">\n\t\t\t\t\t\t\t\t\t\t\t\t<div class=\"yotu-player\">\n\t\t\t\t\t\t\t<div class=\"yotu-video-placeholder\" id=\"yotu-player-69ee6890e6984\"><\/div>\n\t\t\t\t\t\t<\/div>\n\t\t\t\t\t\t<div class=\"yotu-playing-status\"><\/div>\n\t\t\t\t\t\t\t\t\t\t\t<\/div>\n\n\t\t\t\t\t<div class=\"yotu-videos yotu-mode-grid yotu-column-3 yotu-player-mode-large\">\n\t<ul>\n\t\t\t\t\t<li class=\"yotu-first\">\n\t\t\t\t\t\t\t\t<a href=\"#txhV0JinwSQ\" class=\"yotu-video\" data-videoid=\"txhV0JinwSQ\" data-title=\"Mayra, con \\&quot;M\\&quot; de Musa\" title=\"Mayra, con &quot;M&quot; de Musa\">\n\t\t\t\t\t<div class=\"yotu-video-thumb-wrp\">\n\t\t\t\t\t\t<div>\n\t\t\t\t\t\t\t\t\t\t\t\t\t\t<img class=\"yotu-video-thumb\" src=\"https:\/\/i.ytimg.com\/vi\/txhV0JinwSQ\/hqdefault.jpg\" alt=\"Mayra, con &quot;M&quot; de Musa\">\t\n\t\t\t\t\t\t\t\t\t\t\t\t\t<\/div>\n\t\t\t\t\t<\/div>\n\t\t\t\t\t\t\t\t\t\t\t<h3 class=\"yotu-video-title\">Mayra, con \"M\" de Musa<\/h3>\n\t\t\t\t\t\t\t\t\t\t\t\t\t\t\t\t\t\t\t\t\t<div class=\"yotu-video-description\"><\/div>\n\t\t\t\t\t\t\t\t\t<\/a>\n\t\t\t\t\t\t\t<\/li>\n\t\t\t\t\n\t\t\t\t\t\t<li class=\"\">\n\t\t\t\t\t\t\t\t<a href=\"#_QZdn5bt9UY\" class=\"yotu-video\" data-videoid=\"_QZdn5bt9UY\" data-title=\"Anna Hivaa, pintora e ilustradora catalana\" title=\"Anna Hivaa, pintora e ilustradora catalana\">\n\t\t\t\t\t<div class=\"yotu-video-thumb-wrp\">\n\t\t\t\t\t\t<div>\n\t\t\t\t\t\t\t\t\t\t\t\t\t\t<img class=\"yotu-video-thumb\" src=\"https:\/\/i.ytimg.com\/vi\/_QZdn5bt9UY\/sddefault.jpg\" alt=\"Anna Hivaa, pintora e ilustradora catalana\">\t\n\t\t\t\t\t\t\t\t\t\t\t\t\t<\/div>\n\t\t\t\t\t<\/div>\n\t\t\t\t\t\t\t\t\t\t\t<h3 class=\"yotu-video-title\">Anna Hivaa, pintora e ilustradora catalana<\/h3>\n\t\t\t\t\t\t\t\t\t\t\t\t\t\t\t\t\t\t\t\t\t<div class=\"yotu-video-description\"><\/div>\n\t\t\t\t\t\t\t\t\t<\/a>\n\t\t\t\t\t\t\t<\/li>\n\t\t\t\t\n\t\t\t\t\t\t<li class=\"\">\n\t\t\t\t\t\t\t\t<a href=\"#RphNo7uzn4k\" class=\"yotu-video\" data-videoid=\"RphNo7uzn4k\" data-title=\"Kris Alvar - Poes\u00eda y Artes Pl\u00e1sticas - Alicante (Espa\u00f1a)\" title=\"Kris Alvar - Poes\u00eda y Artes Pl\u00e1sticas - Alicante (Espa\u00f1a)\">\n\t\t\t\t\t<div class=\"yotu-video-thumb-wrp\">\n\t\t\t\t\t\t<div>\n\t\t\t\t\t\t\t\t\t\t\t\t\t\t<img class=\"yotu-video-thumb\" src=\"https:\/\/i.ytimg.com\/vi\/RphNo7uzn4k\/sddefault.jpg\" alt=\"Kris Alvar - Poes\u00eda y Artes Pl\u00e1sticas - Alicante (Espa\u00f1a)\">\t\n\t\t\t\t\t\t\t\t\t\t\t\t\t<\/div>\n\t\t\t\t\t<\/div>\n\t\t\t\t\t\t\t\t\t\t\t<h3 class=\"yotu-video-title\">Kris Alvar - Poes\u00eda y Artes Pl\u00e1sticas - Alicante (Espa\u00f1a)<\/h3>\n\t\t\t\t\t\t\t\t\t\t\t\t\t\t\t\t\t\t\t\t\t<div class=\"yotu-video-description\"><\/div>\n\t\t\t\t\t\t\t\t\t<\/a>\n\t\t\t\t\t\t\t<\/li>\n\t\t\t\t\n\t\t\t\t\t\t<li class=\"\">\n\t\t\t\t\t\t\t\t<a href=\"#fmXXsMzspzs\" class=\"yotu-video\" data-videoid=\"fmXXsMzspzs\" data-title=\"Taller de Danza Afrocaribe\u00f1a - Yaima Santana - Cuba\" title=\"Taller de Danza Afrocaribe\u00f1a - Yaima Santana - Cuba\">\n\t\t\t\t\t<div class=\"yotu-video-thumb-wrp\">\n\t\t\t\t\t\t<div>\n\t\t\t\t\t\t\t\t\t\t\t\t\t\t<img class=\"yotu-video-thumb\" src=\"https:\/\/i.ytimg.com\/vi\/fmXXsMzspzs\/hqdefault.jpg\" alt=\"Taller de Danza Afrocaribe\u00f1a - Yaima Santana - Cuba\">\t\n\t\t\t\t\t\t\t\t\t\t\t\t\t<\/div>\n\t\t\t\t\t<\/div>\n\t\t\t\t\t\t\t\t\t\t\t<h3 class=\"yotu-video-title\">Taller de Danza Afrocaribe\u00f1a - Yaima Santana - Cuba<\/h3>\n\t\t\t\t\t\t\t\t\t\t\t\t\t\t\t\t\t\t\t\t\t<div class=\"yotu-video-description\"><\/div>\n\t\t\t\t\t\t\t\t\t<\/a>\n\t\t\t\t\t\t\t<\/li>\n\t\t\t\t\n\t\t\t\t\t\t<li class=\"\">\n\t\t\t\t\t\t\t\t<a href=\"#6euOg4vy6F0\" class=\"yotu-video\" data-videoid=\"6euOg4vy6F0\" data-title=\"Juan Carlos Moro - Fot\u00f3grafo - Cuba\" title=\"Juan Carlos Moro - Fot\u00f3grafo - Cuba\">\n\t\t\t\t\t<div class=\"yotu-video-thumb-wrp\">\n\t\t\t\t\t\t<div>\n\t\t\t\t\t\t\t\t\t\t\t\t\t\t<img class=\"yotu-video-thumb\" src=\"https:\/\/i.ytimg.com\/vi\/6euOg4vy6F0\/sddefault.jpg\" alt=\"Juan Carlos Moro - Fot\u00f3grafo - Cuba\">\t\n\t\t\t\t\t\t\t\t\t\t\t\t\t<\/div>\n\t\t\t\t\t<\/div>\n\t\t\t\t\t\t\t\t\t\t\t<h3 class=\"yotu-video-title\">Juan Carlos Moro - Fot\u00f3grafo - Cuba<\/h3>\n\t\t\t\t\t\t\t\t\t\t\t\t\t\t\t\t\t\t\t\t\t<div class=\"yotu-video-description\"><\/div>\n\t\t\t\t\t\t\t\t\t<\/a>\n\t\t\t\t\t\t\t<\/li>\n\t\t\t\t\n\t\t\t\t\t\t<li class=\"\">\n\t\t\t\t\t\t\t\t<a href=\"#6YGaiZkhpSs\" class=\"yotu-video\" data-videoid=\"6YGaiZkhpSs\" data-title=\"David Salas alias Foca - Artista multidisciplinario - Mexico\" title=\"David Salas alias Foca - Artista multidisciplinario - Mexico\">\n\t\t\t\t\t<div class=\"yotu-video-thumb-wrp\">\n\t\t\t\t\t\t<div>\n\t\t\t\t\t\t\t\t\t\t\t\t\t\t<img class=\"yotu-video-thumb\" src=\"https:\/\/i.ytimg.com\/vi\/6YGaiZkhpSs\/sddefault.jpg\" alt=\"David Salas alias Foca - Artista multidisciplinario - Mexico\">\t\n\t\t\t\t\t\t\t\t\t\t\t\t\t<\/div>\n\t\t\t\t\t<\/div>\n\t\t\t\t\t\t\t\t\t\t\t<h3 class=\"yotu-video-title\">David Salas alias Foca - Artista multidisciplinario - Mexico<\/h3>\n\t\t\t\t\t\t\t\t\t\t\t\t\t\t\t\t\t\t\t\t\t<div class=\"yotu-video-description\"><\/div>\n\t\t\t\t\t\t\t\t\t<\/a>\n\t\t\t\t\t\t\t<\/li>\n\t\t\t\t\n\t\t\t\t\t\t<li class=\"\">\n\t\t\t\t\t\t\t\t<a href=\"#Loltecpc5vw\" class=\"yotu-video\" data-videoid=\"Loltecpc5vw\" data-title=\"Frank Martinez, un trovador en Marsella - Junio 2018\" title=\"Frank Martinez, un trovador en Marsella - Junio 2018\">\n\t\t\t\t\t<div class=\"yotu-video-thumb-wrp\">\n\t\t\t\t\t\t<div>\n\t\t\t\t\t\t\t\t\t\t\t\t\t\t<img class=\"yotu-video-thumb\" src=\"https:\/\/i.ytimg.com\/vi\/Loltecpc5vw\/sddefault.jpg\" alt=\"Frank Martinez, un trovador en Marsella - Junio 2018\">\t\n\t\t\t\t\t\t\t\t\t\t\t\t\t<\/div>\n\t\t\t\t\t<\/div>\n\t\t\t\t\t\t\t\t\t\t\t<h3 class=\"yotu-video-title\">Frank Martinez, un trovador en Marsella - Junio 2018<\/h3>\n\t\t\t\t\t\t\t\t\t\t\t\t\t\t\t\t\t\t\t\t\t<div class=\"yotu-video-description\"><\/div>\n\t\t\t\t\t\t\t\t\t<\/a>\n\t\t\t\t\t\t\t<\/li>\n\t\t\t\t\n\t\t\t\t\t\t<li class=\"\">\n\t\t\t\t\t\t\t\t<a href=\"#HEayKe-jTLY\" class=\"yotu-video\" data-videoid=\"HEayKe-jTLY\" data-title=\"Ramon David, un trovador en Marsella - Junio 2018\" title=\"Ramon David, un trovador en Marsella - Junio 2018\">\n\t\t\t\t\t<div class=\"yotu-video-thumb-wrp\">\n\t\t\t\t\t\t<div>\n\t\t\t\t\t\t\t\t\t\t\t\t\t\t<img class=\"yotu-video-thumb\" src=\"https:\/\/i.ytimg.com\/vi\/HEayKe-jTLY\/sddefault.jpg\" alt=\"Ramon David, un trovador en Marsella - Junio 2018\">\t\n\t\t\t\t\t\t\t\t\t\t\t\t\t<\/div>\n\t\t\t\t\t<\/div>\n\t\t\t\t\t\t\t\t\t\t\t<h3 class=\"yotu-video-title\">Ramon David, un trovador en Marsella - Junio 2018<\/h3>\n\t\t\t\t\t\t\t\t\t\t\t\t\t\t\t\t\t\t\t\t\t<div class=\"yotu-video-description\"><\/div>\n\t\t\t\t\t\t\t\t\t<\/a>\n\t\t\t\t\t\t\t<\/li>\n\t\t\t\t\n\t\t\t\t\t\t<li class=\"\">\n\t\t\t\t\t\t\t\t<a href=\"#hbfxsiE-8Hw\" class=\"yotu-video\" data-videoid=\"hbfxsiE-8Hw\" data-title=\"Balagan Art, Teatro Ruso en Latinoamerica - Rusia \/ Costa Rica\" title=\"Balagan Art, Teatro Ruso en Latinoamerica - Rusia \/ Costa Rica\">\n\t\t\t\t\t<div class=\"yotu-video-thumb-wrp\">\n\t\t\t\t\t\t<div>\n\t\t\t\t\t\t\t\t\t\t\t\t\t\t<img class=\"yotu-video-thumb\" src=\"https:\/\/i.ytimg.com\/vi\/hbfxsiE-8Hw\/sddefault.jpg\" alt=\"Balagan Art, Teatro Ruso en Latinoamerica - Rusia \/ Costa Rica\">\t\n\t\t\t\t\t\t\t\t\t\t\t\t\t<\/div>\n\t\t\t\t\t<\/div>\n\t\t\t\t\t\t\t\t\t\t\t<h3 class=\"yotu-video-title\">Balagan Art, Teatro Ruso en Latinoamerica - Rusia \/ Costa Rica<\/h3>\n\t\t\t\t\t\t\t\t\t\t\t\t\t\t\t\t\t\t\t\t\t<div class=\"yotu-video-description\"><\/div>\n\t\t\t\t\t\t\t\t\t<\/a>\n\t\t\t\t\t\t\t<\/li>\n\t\t\t\t\n\t\t\t\t\t\t<li class=\"\">\n\t\t\t\t\t\t\t\t<a href=\"#0d5JzjPIlXE\" class=\"yotu-video\" data-videoid=\"0d5JzjPIlXE\" data-title=\"Angela Martinez - Danza - Cuba\" title=\"Angela Martinez - Danza - Cuba\">\n\t\t\t\t\t<div class=\"yotu-video-thumb-wrp\">\n\t\t\t\t\t\t<div>\n\t\t\t\t\t\t\t\t\t\t\t\t\t\t<img class=\"yotu-video-thumb\" src=\"https:\/\/i.ytimg.com\/vi\/0d5JzjPIlXE\/sddefault.jpg\" alt=\"Angela Martinez - Danza - Cuba\">\t\n\t\t\t\t\t\t\t\t\t\t\t\t\t<\/div>\n\t\t\t\t\t<\/div>\n\t\t\t\t\t\t\t\t\t\t\t<h3 class=\"yotu-video-title\">Angela Martinez - Danza - Cuba<\/h3>\n\t\t\t\t\t\t\t\t\t\t\t\t\t\t\t\t\t\t\t\t\t<div class=\"yotu-video-description\"><\/div>\n\t\t\t\t\t\t\t\t\t<\/a>\n\t\t\t\t\t\t\t<\/li>\n\t\t\t\t\n\t\t\t\t\t\t<li class=\"\">\n\t\t\t\t\t\t\t\t<a href=\"#NJ2cy410gk4\" class=\"yotu-video\" data-videoid=\"NJ2cy410gk4\" data-title=\"Un \u00e1ngel en Costa Rica - Celia B Perez - M\u00fasica - Cuba\" title=\"Un \u00e1ngel en Costa Rica - Celia B Perez - M\u00fasica - Cuba\">\n\t\t\t\t\t<div class=\"yotu-video-thumb-wrp\">\n\t\t\t\t\t\t<div>\n\t\t\t\t\t\t\t\t\t\t\t\t\t\t<img class=\"yotu-video-thumb\" src=\"https:\/\/i.ytimg.com\/vi\/NJ2cy410gk4\/sddefault.jpg\" alt=\"Un \u00e1ngel en Costa Rica - Celia B Perez - M\u00fasica - Cuba\">\t\n\t\t\t\t\t\t\t\t\t\t\t\t\t<\/div>\n\t\t\t\t\t<\/div>\n\t\t\t\t\t\t\t\t\t\t\t<h3 class=\"yotu-video-title\">Un \u00e1ngel en Costa Rica - Celia B Perez - M\u00fasica - Cuba<\/h3>\n\t\t\t\t\t\t\t\t\t\t\t\t\t\t\t\t\t\t\t\t\t<div class=\"yotu-video-description\"><\/div>\n\t\t\t\t\t\t\t\t\t<\/a>\n\t\t\t\t\t\t\t<\/li>\n\t\t\t\t\n\t\t\t\t\t\t<li class=\"yotu-last\">\n\t\t\t\t\t\t\t\t<a href=\"#o4igTP3fBxU\" class=\"yotu-video\" data-videoid=\"o4igTP3fBxU\" data-title=\"Mikael Sotomayor - Artes Pl\u00e1sticas - Cuba\" title=\"Mikael Sotomayor - Artes Pl\u00e1sticas - Cuba\">\n\t\t\t\t\t<div class=\"yotu-video-thumb-wrp\">\n\t\t\t\t\t\t<div>\n\t\t\t\t\t\t\t\t\t\t\t\t\t\t<img class=\"yotu-video-thumb\" src=\"https:\/\/i.ytimg.com\/vi\/o4igTP3fBxU\/sddefault.jpg\" alt=\"Mikael Sotomayor - Artes Pl\u00e1sticas - Cuba\">\t\n\t\t\t\t\t\t\t\t\t\t\t\t\t<\/div>\n\t\t\t\t\t<\/div>\n\t\t\t\t\t\t\t\t\t\t\t<h3 class=\"yotu-video-title\">Mikael Sotomayor - Artes Pl\u00e1sticas - Cuba<\/h3>\n\t\t\t\t\t\t\t\t\t\t\t\t\t\t\t\t\t\t\t\t\t<div class=\"yotu-video-description\"><\/div>\n\t\t\t\t\t\t\t\t\t<\/a>\n\t\t\t\t\t\t\t<\/li>\n\t\t\t\t\n\t\t\t\t<\/ul>\n<\/div><div class=\"yotu-pagination\">\n\t<a href=\"#\" class=\"yotu-pagination-more yotu-button-prs yotu-button-prs-1\" data-page=\"more\">Load more<\/a>\n<\/div>\n\t\t\t\t<\/div>\n\t\t\t<\/div>","protected":false},"excerpt":{"rendered":"<p>Depuis 2015, de nombreux artistes ont travaill\u00e9, exp\u00e9riment\u00e9 et \u00e9chang\u00e9 au sein d&rsquo;Open Art World. Certains ont \u00e9galement particip\u00e9 aux diff\u00e9rents \u00e9v\u00e9nements du collectif. En&#8230;<\/p>\n<p class=\"readmore\"><a class=\"more-btn\" href=\"https:\/\/openartworld.org\/es\/les-artistes\/\">Read More<\/a><\/p>","protected":false},"author":3,"featured_media":0,"parent":0,"menu_order":0,"comment_status":"closed","ping_status":"closed","template":"","meta":[],"_links":{"self":[{"href":"https:\/\/openartworld.org\/es\/wp-json\/wp\/v2\/pages\/551"}],"collection":[{"href":"https:\/\/openartworld.org\/es\/wp-json\/wp\/v2\/pages"}],"about":[{"href":"https:\/\/openartworld.org\/es\/wp-json\/wp\/v2\/types\/page"}],"author":[{"embeddable":true,"href":"https:\/\/openartworld.org\/es\/wp-json\/wp\/v2\/users\/3"}],"replies":[{"embeddable":true,"href":"https:\/\/openartworld.org\/es\/wp-json\/wp\/v2\/comments?post=551"}],"version-history":[{"count":8,"href":"https:\/\/openartworld.org\/es\/wp-json\/wp\/v2\/pages\/551\/revisions"}],"predecessor-version":[{"id":752,"href":"https:\/\/openartworld.org\/es\/wp-json\/wp\/v2\/pages\/551\/revisions\/752"}],"wp:attachment":[{"href":"https:\/\/openartworld.org\/es\/wp-json\/wp\/v2\/media?parent=551"}],"curies":[{"name":"wp","href":"https:\/\/api.w.org\/{rel}","templated":true}]}}